{"id":9,"date":"2023-02-25T15:12:23","date_gmt":"2023-02-25T15:12:23","guid":{"rendered":"https:\/\/www.uklidoveprace-susice.cz\/?page_id=9"},"modified":"2023-03-31T17:17:42","modified_gmt":"2023-03-31T17:17:42","slug":"uklid-domacnosti-domu-bytu-firem-susice-a-okoli","status":"publish","type":"page","link":"https:\/\/www.uklidoveprace-susice.cz\/","title":{"rendered":"\u2014  Uklidov\u00e9 slu\u017eby v Su\u0161ici a okol\u00ed  \u2014"},"content":{"rendered":"<p style=\"text-align: center;\"><span style=\"font-size: 18pt;\"><strong>\u2022 \u00daKLID BYT\u016e<\/strong><\/span><\/p>\n<p style=\"text-align: center;\"><span style=\"font-size: 18pt;\"><strong>\u2022 \u00daKLID DOM\u016e<\/strong><\/span><\/p>\n<p style=\"text-align: center;\"><span style=\"font-size: 18pt;\"><strong>\u2022 \u00daKLID VE FIRM\u00c1CH<\/strong><\/span><\/p>\n<p style=\"text-align: center;\"><span style=\"font-size: 18pt;\"><strong>\u2022 \u00daKLID GAR\u00c1\u017d\u00cd<\/strong><\/span><\/p>\n<p style=\"text-align: center;\"><span style=\"font-size: 18pt;\"><strong>\u2022 \u00daKLID SKLEP\u016e<\/strong><\/span><\/p>\n<p style=\"text-align: center;\"><span style=\"font-size: 18pt;\"><strong>\u2022 \u00daKLID CHAT<\/strong><\/span><\/p>\n<p style=\"text-align: center;\"><span style=\"font-size: 18pt;\"><strong>\u2022 \u00daKLID ZAHRAD<\/strong><\/span><\/p>\n<p style=\"text-align: center;\"><span style=\"font-size: 18pt;\"><strong>\u2022 \u00daKLID P\u016eD<\/strong><\/span><\/p>\n<p style=\"text-align: center;\"><span style=\"font-size: 18pt;\"><strong><a href=\"http:\/\/www.vyklizenisusice.cz\/\">\u2022 VYKL\u00cdZEN\u00cd<\/a><\/strong><\/span><\/p>\n<p style=\"text-align: center;\"><span style=\"font-size: 14pt;\"><a href=\"https:\/\/www.stehovanisusice.cz\/\"><strong><span style=\"font-size: 18pt;\">\u2022 ST\u011aHOV\u00c1N\u00cd<\/span><\/strong><\/a><\/span><\/p>\n<hr \/>\n<h1 style=\"text-align: center;\"><span style=\"color: #800080;\">\u00daKLID BYT\u016e\u00a0 DOM\u016e KANCEL\u00c1\u0158\u00cd A FIREMN\u00cdCH PROSTOR:<\/span><\/h1>\n<hr \/>\n<p style=\"text-align: center;\"><span style=\"font-size: 14pt;\">\u2022 Vys\u00e1v\u00e1n\u00ed koberc\u016f suchou cestou<\/span><\/p>\n<p style=\"text-align: center;\"><span style=\"font-size: 14pt;\">\u2022 Ru\u010dn\u00ed myt\u00ed podlah<\/span><\/p>\n<p style=\"text-align: center;\"><span style=\"font-size: 14pt;\">\u2022 Ru\u010dn\u00ed myt\u00ed oken a sklen\u011bn\u00fdch ploch<\/span><\/p>\n<p style=\"text-align: center;\"><span style=\"font-size: 14pt;\">\u2022 Ut\u00edr\u00e1n\u00ed prachu<\/span><\/p>\n<p style=\"text-align: center;\"><span style=\"font-size: 14pt;\">\u2022 <span class=\"normal-text\">Pravideln\u00e9 \u010di jednor\u00e1zov\u00e9 \u00faklidy pro dom\u00e1cnosti<\/span><\/span><\/p>\n<p style=\"text-align: center;\"><span style=\"font-size: 14pt;\">\u2022 <span class=\"normal-text\">\u00daklid po stavebn\u00edch prac\u00edch a po \u0159emesln\u00edc\u00edch<\/span><\/span><\/p>\n<p style=\"text-align: center;\"><span style=\"font-size: 14pt;\">\u2022 Likvidace odpadu<span class=\"normal-text\"><br \/>\n<\/span><\/span><\/p>\n<p style=\"text-align: center;\"><span style=\"font-size: 14pt;\">\u2022 Dal\u0161\u00ed pr\u00e1ce podle domluvy<\/span><\/p>\n<hr \/>\n<h1 style=\"text-align: center;\"><span style=\"color: #800080;\">\u00daKLID ZAHRAD A CHAT:<\/span><\/h1>\n<hr \/>\n<p style=\"text-align: center;\"><span style=\"font-size: 14pt;\">\u2022 Sek\u00e1n\u00ed tr\u00e1vy k\u0159ovino\u0159ezem<\/span><\/p>\n<p style=\"text-align: center;\"><span style=\"font-size: 14pt;\">\u2022 Sek\u00e1n\u00ed tr\u00e1vy<\/span><\/p>\n<p style=\"text-align: center;\"><span style=\"font-size: 14pt;\">\u2022 Drobn\u00e9 ter\u00e9nn\u00ed \u00fapravy a pr\u00e1ce<\/span><\/p>\n<p style=\"text-align: center;\"><span style=\"font-size: 14pt;\">\u2022 <span class=\"normal-text\">\u00daklid po stavebn\u00edch prac\u00edch a po \u0159emesln\u00edc\u00edch<\/span><\/span><\/p>\n<p style=\"text-align: center;\"><span style=\"font-size: 14pt;\">\u2022 <span class=\"normal-text\">Pravideln\u00e9 \u010di jednor\u00e1zov\u00e9 \u00faklidy<br \/>\n<\/span><\/span><\/p>\n<p style=\"text-align: center;\"><span style=\"font-size: 14pt;\">\u2022 Likvidace odpadu<span class=\"normal-text\"><br \/>\n<\/span><\/span><\/p>\n<p style=\"text-align: center;\"><span style=\"font-size: 14pt;\">\u2022 Dal\u0161\u00ed pr\u00e1ce podle domluvy<\/span><\/p>\n<hr \/>\n<h1 style=\"text-align: center;\"><span style=\"color: #800080;\">VYKL\u00cdZEN\u00cd A ST\u011aHOV\u00c1N\u00cd V SU\u0160ICI A OKOL\u00cd:<\/span><\/h1>\n<hr \/>\n<p style=\"text-align: center;\"><span style=\"font-size: 18pt; color: #33cccc;\">\u2022 <\/span><a href=\"https:\/\/www.vyklizenisusice.cz\/\"><span style=\"font-size: 18pt;\">Vykl\u00edzen\u00ed Su\u0161ice<\/span><\/a><\/p>\n<p style=\"text-align: center;\"><span style=\"font-size: 18pt; color: #33cccc;\">\u2022 <\/span><a href=\"https:\/\/www.stehovanisusice.cz\/\"><span style=\"font-size: 18pt;\">St\u011bhov\u00e1n\u00ed Su\u0161ice<\/span><\/a><\/p>\n<hr \/>\n<h3 style=\"text-align: center;\"><span style=\"color: #800080; font-size: 24pt;\">Na\u0161e slu\u017eby vykl\u00edzen\u00ed:<\/span><\/h3>\n<p style=\"text-align: center;\"><span style=\"font-size: 14pt;\">Vykl\u00edzen\u00ed byt\u016f, dom\u016f, poz\u016fstalost\u00ed, gar\u00e1\u017e\u00ed, chat a chalup, p\u016fd a sklep\u016f, vykl\u00edzen\u00ed firem a kancel\u00e1\u0159\u00ed v Su\u0161ici a okol\u00ed.<\/span><\/p>\n<hr \/>\n<h3 style=\"text-align: center;\"><span style=\"color: #800080; font-size: 24pt;\">Pracovn\u00ed doba:<\/span><\/h3>\n<p style=\"text-align: center;\"><span style=\"font-size: 14pt;\">\u00daklid prov\u00e1d\u00edme od pond\u011bl\u00ed do ned\u011ble po domluv\u011b<\/span><\/p>\n<hr \/>\n<p style=\"text-align: center;\"><span style=\"color: #800080; font-size: 24pt;\"><strong><span style=\"font-family: Yatra One;\">\u00daklid v Su\u0161ici a okol\u00ed:<\/span><\/strong><\/span><\/p>\n<p style=\"text-align: center;\"><span style=\"font-size: 14pt;\">Vys\u00e1v\u00e1n\u00ed koberc\u016f suchou cestou \u2022 Ru\u010dn\u00ed myt\u00ed podlah \u2022 Ru\u010dn\u00ed myt\u00ed oken a sklen\u011bn\u00fdch ploch \u2022 Ut\u00edr\u00e1n\u00ed prachu \u2022 <span class=\"normal-text\">Pravideln\u00e9 \u010di jednor\u00e1zov\u00e9 \u00faklidy pro dom\u00e1cnosti \u2022<\/span>\u00a0<span class=\"normal-text\">\u00daklid po stavebn\u00edch prac\u00edch a po \u0159emesln\u00edc\u00edch \u2022<\/span> Likvidace odpadu \u2022 \u00daklid zahrad \u2022 Sek\u00e1n\u00ed tr\u00e1vy \u2022 Sek\u00e1n\u00ed tr\u00e1vy k\u0159ovino\u0159ezem \u2022 Drobn\u00e9 ter\u00e9nn\u00ed \u00fapravy a pr\u00e1ce <span class=\"normal-text\">\u2022 <\/span>Likvidace odpadu \u2022 Dal\u0161\u00ed pr\u00e1ce podle domluvy \u2022<\/span><\/p>\n<hr \/>\n<h3><\/h3>\n<table style=\"border-collapse: collapse; width: 100%;\">\n<tbody>\n<tr>\n<td style=\"width: 33.3333%;\"><img loading=\"lazy\" decoding=\"async\" class=\"alignnone wp-image-49 size-medium\" src=\"http:\/\/www.uklidoveprace-susice.cz\/wp-content\/uploads\/2023\/02\/IMG_2782-1-246x300.jpg\" alt=\"\u00daKLIDOV\u00c9 SLU\u017dBY SU\u0160ICE\" width=\"246\" height=\"300\" srcset=\"https:\/\/www.uklidoveprace-susice.cz\/wp-content\/uploads\/2023\/02\/IMG_2782-1-246x300.jpg 246w, https:\/\/www.uklidoveprace-susice.cz\/wp-content\/uploads\/2023\/02\/IMG_2782-1-838x1024.jpg 838w, https:\/\/www.uklidoveprace-susice.cz\/wp-content\/uploads\/2023\/02\/IMG_2782-1-768x938.jpg 768w, https:\/\/www.uklidoveprace-susice.cz\/wp-content\/uploads\/2023\/02\/IMG_2782-1-1258x1536.jpg 1258w, https:\/\/www.uklidoveprace-susice.cz\/wp-content\/uploads\/2023\/02\/IMG_2782-1-1677x2048.jpg 1677w, https:\/\/www.uklidoveprace-susice.cz\/wp-content\/uploads\/2023\/02\/IMG_2782-1-600x733.jpg 600w, https:\/\/www.uklidoveprace-susice.cz\/wp-content\/uploads\/2023\/02\/IMG_2782-1-945x1154.jpg 945w\" sizes=\"auto, (max-width: 246px) 100vw, 246px\" \/><\/td>\n<td style=\"width: 33.3333%;\"><img loading=\"lazy\" decoding=\"async\" class=\"alignnone wp-image-45 size-medium\" src=\"http:\/\/www.uklidoveprace-susice.cz\/wp-content\/uploads\/2023\/02\/IMG_2725-193x300.jpg\" alt=\"\u00daKLID V DOM\u00c1CNOSTECH V SU\u0160ICI A OKOL\u00cd\" width=\"193\" height=\"300\" srcset=\"https:\/\/www.uklidoveprace-susice.cz\/wp-content\/uploads\/2023\/02\/IMG_2725-193x300.jpg 193w, https:\/\/www.uklidoveprace-susice.cz\/wp-content\/uploads\/2023\/02\/IMG_2725-659x1024.jpg 659w, https:\/\/www.uklidoveprace-susice.cz\/wp-content\/uploads\/2023\/02\/IMG_2725-768x1193.jpg 768w, https:\/\/www.uklidoveprace-susice.cz\/wp-content\/uploads\/2023\/02\/IMG_2725-989x1536.jpg 989w, https:\/\/www.uklidoveprace-susice.cz\/wp-content\/uploads\/2023\/02\/IMG_2725-1319x2048.jpg 1319w, https:\/\/www.uklidoveprace-susice.cz\/wp-content\/uploads\/2023\/02\/IMG_2725-600x932.jpg 600w, https:\/\/www.uklidoveprace-susice.cz\/wp-content\/uploads\/2023\/02\/IMG_2725-945x1468.jpg 945w, https:\/\/www.uklidoveprace-susice.cz\/wp-content\/uploads\/2023\/02\/IMG_2725-scaled.jpg 1648w\" sizes=\"auto, (max-width: 193px) 100vw, 193px\" \/><\/td>\n<td style=\"width: 33.3333%;\"><img loading=\"lazy\" decoding=\"async\" class=\"alignnone wp-image-44 size-medium\" src=\"http:\/\/www.uklidoveprace-susice.cz\/wp-content\/uploads\/2023\/02\/IMG_2687-199x300.jpg\" alt=\"\u00daKLID DOM\u016e A BYT\u016e\" width=\"199\" height=\"300\" srcset=\"https:\/\/www.uklidoveprace-susice.cz\/wp-content\/uploads\/2023\/02\/IMG_2687-199x300.jpg 199w, https:\/\/www.uklidoveprace-susice.cz\/wp-content\/uploads\/2023\/02\/IMG_2687-680x1024.jpg 680w, https:\/\/www.uklidoveprace-susice.cz\/wp-content\/uploads\/2023\/02\/IMG_2687-768x1156.jpg 768w, https:\/\/www.uklidoveprace-susice.cz\/wp-content\/uploads\/2023\/02\/IMG_2687-1021x1536.jpg 1021w, https:\/\/www.uklidoveprace-susice.cz\/wp-content\/uploads\/2023\/02\/IMG_2687-1361x2048.jpg 1361w, https:\/\/www.uklidoveprace-susice.cz\/wp-content\/uploads\/2023\/02\/IMG_2687-600x903.jpg 600w, https:\/\/www.uklidoveprace-susice.cz\/wp-content\/uploads\/2023\/02\/IMG_2687-945x1422.jpg 945w, https:\/\/www.uklidoveprace-susice.cz\/wp-content\/uploads\/2023\/02\/IMG_2687-scaled.jpg 1701w\" sizes=\"auto, (max-width: 199px) 100vw, 199px\" \/><\/td>\n<\/tr>\n<\/tbody>\n<\/table>\n<table style=\"border-collapse: collapse; width: 100%;\">\n<tbody>\n<tr>\n<td style=\"width: 33.3333%;\"><img loading=\"lazy\" decoding=\"async\" class=\"alignnone wp-image-48 size-medium\" src=\"http:\/\/www.uklidoveprace-susice.cz\/wp-content\/uploads\/2023\/02\/IMG_2770-227x300.jpg\" alt=\"\u00daKLIDOV\u00c9 PR\u00c1CE V SU\u0160ICI A OKOL\u00cd\" width=\"227\" height=\"300\" srcset=\"https:\/\/www.uklidoveprace-susice.cz\/wp-content\/uploads\/2023\/02\/IMG_2770-227x300.jpg 227w, https:\/\/www.uklidoveprace-susice.cz\/wp-content\/uploads\/2023\/02\/IMG_2770-774x1024.jpg 774w, https:\/\/www.uklidoveprace-susice.cz\/wp-content\/uploads\/2023\/02\/IMG_2770-768x1016.jpg 768w, https:\/\/www.uklidoveprace-susice.cz\/wp-content\/uploads\/2023\/02\/IMG_2770-1161x1536.jpg 1161w, https:\/\/www.uklidoveprace-susice.cz\/wp-content\/uploads\/2023\/02\/IMG_2770-600x794.jpg 600w, https:\/\/www.uklidoveprace-susice.cz\/wp-content\/uploads\/2023\/02\/IMG_2770-945x1251.jpg 945w, https:\/\/www.uklidoveprace-susice.cz\/wp-content\/uploads\/2023\/02\/IMG_2770.jpg 1487w\" sizes=\"auto, (max-width: 227px) 100vw, 227px\" \/><\/td>\n<td style=\"width: 33.3333%;\"><img loading=\"lazy\" decoding=\"async\" class=\"alignnone wp-image-46 size-medium\" src=\"http:\/\/www.uklidoveprace-susice.cz\/wp-content\/uploads\/2023\/02\/IMG_2744-161x300.jpg\" alt=\"MYT\u00cd OKEN SU\u0160ICE\" width=\"161\" height=\"300\" srcset=\"https:\/\/www.uklidoveprace-susice.cz\/wp-content\/uploads\/2023\/02\/IMG_2744-161x300.jpg 161w, https:\/\/www.uklidoveprace-susice.cz\/wp-content\/uploads\/2023\/02\/IMG_2744-551x1024.jpg 551w, https:\/\/www.uklidoveprace-susice.cz\/wp-content\/uploads\/2023\/02\/IMG_2744-768x1428.jpg 768w, https:\/\/www.uklidoveprace-susice.cz\/wp-content\/uploads\/2023\/02\/IMG_2744-826x1536.jpg 826w, https:\/\/www.uklidoveprace-susice.cz\/wp-content\/uploads\/2023\/02\/IMG_2744-1102x2048.jpg 1102w, https:\/\/www.uklidoveprace-susice.cz\/wp-content\/uploads\/2023\/02\/IMG_2744-600x1115.jpg 600w, https:\/\/www.uklidoveprace-susice.cz\/wp-content\/uploads\/2023\/02\/IMG_2744-945x1757.jpg 945w, https:\/\/www.uklidoveprace-susice.cz\/wp-content\/uploads\/2023\/02\/IMG_2744-scaled.jpg 1377w\" sizes=\"auto, (max-width: 161px) 100vw, 161px\" \/><\/td>\n<td style=\"width: 33.3333%;\"><img loading=\"lazy\" decoding=\"async\" class=\"alignnone wp-image-41 size-medium\" src=\"http:\/\/www.uklidoveprace-susice.cz\/wp-content\/uploads\/2023\/02\/IMG_2628-286x300.jpg\" alt=\"\u00daKLIDOV\u00c1 FIRMA SU\u0160ICE\" width=\"286\" height=\"300\" srcset=\"https:\/\/www.uklidoveprace-susice.cz\/wp-content\/uploads\/2023\/02\/IMG_2628-286x300.jpg 286w, https:\/\/www.uklidoveprace-susice.cz\/wp-content\/uploads\/2023\/02\/IMG_2628-975x1024.jpg 975w, https:\/\/www.uklidoveprace-susice.cz\/wp-content\/uploads\/2023\/02\/IMG_2628-768x806.jpg 768w, https:\/\/www.uklidoveprace-susice.cz\/wp-content\/uploads\/2023\/02\/IMG_2628-1463x1536.jpg 1463w, https:\/\/www.uklidoveprace-susice.cz\/wp-content\/uploads\/2023\/02\/IMG_2628-1951x2048.jpg 1951w, https:\/\/www.uklidoveprace-susice.cz\/wp-content\/uploads\/2023\/02\/IMG_2628-600x630.jpg 600w, https:\/\/www.uklidoveprace-susice.cz\/wp-content\/uploads\/2023\/02\/IMG_2628-945x992.jpg 945w\" sizes=\"auto, (max-width: 286px) 100vw, 286px\" \/><\/td>\n<\/tr>\n<\/tbody>\n<\/table>\n<table style=\"border-collapse: collapse; width: 100%;\">\n<tbody>\n<tr>\n<td style=\"width: 33.3333%;\"><img loading=\"lazy\" decoding=\"async\" class=\"alignnone wp-image-47 size-medium\" src=\"http:\/\/www.uklidoveprace-susice.cz\/wp-content\/uploads\/2023\/02\/IMG_2769-161x300.jpg\" alt=\"\u00daKLID FIREM SU\u0160ICE\" width=\"161\" height=\"300\" srcset=\"https:\/\/www.uklidoveprace-susice.cz\/wp-content\/uploads\/2023\/02\/IMG_2769-161x300.jpg 161w, https:\/\/www.uklidoveprace-susice.cz\/wp-content\/uploads\/2023\/02\/IMG_2769-551x1024.jpg 551w, https:\/\/www.uklidoveprace-susice.cz\/wp-content\/uploads\/2023\/02\/IMG_2769-768x1427.jpg 768w, https:\/\/www.uklidoveprace-susice.cz\/wp-content\/uploads\/2023\/02\/IMG_2769-827x1536.jpg 827w, https:\/\/www.uklidoveprace-susice.cz\/wp-content\/uploads\/2023\/02\/IMG_2769-600x1115.jpg 600w, https:\/\/www.uklidoveprace-susice.cz\/wp-content\/uploads\/2023\/02\/IMG_2769-945x1756.jpg 945w, https:\/\/www.uklidoveprace-susice.cz\/wp-content\/uploads\/2023\/02\/IMG_2769.jpg 1016w\" sizes=\"auto, (max-width: 161px) 100vw, 161px\" \/><\/td>\n<td style=\"width: 33.3333%;\"><img loading=\"lazy\" decoding=\"async\" class=\"alignnone wp-image-42 size-medium\" src=\"http:\/\/www.uklidoveprace-susice.cz\/wp-content\/uploads\/2023\/02\/IMG_2637-221x300.jpg\" alt=\"PRAVIDELN\u00c9 NEBO JEDNOR\u00c1ZOV\u00c9 \u00daKLIDY VE FIRM\u00c1CH\" width=\"221\" height=\"300\" srcset=\"https:\/\/www.uklidoveprace-susice.cz\/wp-content\/uploads\/2023\/02\/IMG_2637-221x300.jpg 221w, https:\/\/www.uklidoveprace-susice.cz\/wp-content\/uploads\/2023\/02\/IMG_2637-753x1024.jpg 753w, https:\/\/www.uklidoveprace-susice.cz\/wp-content\/uploads\/2023\/02\/IMG_2637-768x1044.jpg 768w, https:\/\/www.uklidoveprace-susice.cz\/wp-content\/uploads\/2023\/02\/IMG_2637-1130x1536.jpg 1130w, https:\/\/www.uklidoveprace-susice.cz\/wp-content\/uploads\/2023\/02\/IMG_2637-1506x2048.jpg 1506w, https:\/\/www.uklidoveprace-susice.cz\/wp-content\/uploads\/2023\/02\/IMG_2637-600x816.jpg 600w, https:\/\/www.uklidoveprace-susice.cz\/wp-content\/uploads\/2023\/02\/IMG_2637-945x1285.jpg 945w, https:\/\/www.uklidoveprace-susice.cz\/wp-content\/uploads\/2023\/02\/IMG_2637-scaled.jpg 1883w\" sizes=\"auto, (max-width: 221px) 100vw, 221px\" \/><\/td>\n<td style=\"width: 33.3333%;\"><img loading=\"lazy\" decoding=\"async\" class=\"alignnone wp-image-43 size-medium\" src=\"http:\/\/www.uklidoveprace-susice.cz\/wp-content\/uploads\/2023\/02\/IMG_2672-244x300.jpg\" alt=\"PRAVIDELN\u00c9 NEBO JEDNOR\u00c1ZOV\u00c9 \u00daKLIDY V DOM\u00c1CNOSTECH\" width=\"244\" height=\"300\" srcset=\"https:\/\/www.uklidoveprace-susice.cz\/wp-content\/uploads\/2023\/02\/IMG_2672-244x300.jpg 244w, https:\/\/www.uklidoveprace-susice.cz\/wp-content\/uploads\/2023\/02\/IMG_2672-832x1024.jpg 832w, https:\/\/www.uklidoveprace-susice.cz\/wp-content\/uploads\/2023\/02\/IMG_2672-768x945.jpg 768w, https:\/\/www.uklidoveprace-susice.cz\/wp-content\/uploads\/2023\/02\/IMG_2672-1248x1536.jpg 1248w, https:\/\/www.uklidoveprace-susice.cz\/wp-content\/uploads\/2023\/02\/IMG_2672-1664x2048.jpg 1664w, https:\/\/www.uklidoveprace-susice.cz\/wp-content\/uploads\/2023\/02\/IMG_2672-600x739.jpg 600w, https:\/\/www.uklidoveprace-susice.cz\/wp-content\/uploads\/2023\/02\/IMG_2672-945x1163.jpg 945w\" sizes=\"auto, (max-width: 244px) 100vw, 244px\" \/><\/td>\n<\/tr>\n<\/tbody>\n<\/table>\n<table style=\"border-collapse: collapse; width: 100%;\">\n<tbody>\n<tr>\n<td style=\"width: 50%;\"><img loading=\"lazy\" decoding=\"async\" class=\"alignnone wp-image-54 size-full\" src=\"http:\/\/www.uklidoveprace-susice.cz\/wp-content\/uploads\/2023\/02\/IMG_6244-261x300-1.jpg\" alt=\"LIKVIDACE ODPAD\u016e SU\u0160ICE\" width=\"261\" height=\"300\" \/><\/td>\n<td style=\"width: 50%;\"><img loading=\"lazy\" decoding=\"async\" class=\"alignnone size-full wp-image-105\" src=\"http:\/\/www.uklidoveprace-susice.cz\/wp-content\/uploads\/2023\/02\/IMG_6271-269x300-2.jpg\" alt=\"\" width=\"269\" height=\"300\" \/><\/td>\n<\/tr>\n<\/tbody>\n<\/table>\n<h3><\/h3>\n<h3><\/h3>\n<h3><a href=\"https:\/\/www.uklidoveprace-susice.cz\/?page_id=100\">KONTAKT<\/a><\/h3>\n<h3><\/h3>\n<p>&nbsp;<\/p>\n<p>&nbsp;<\/p>\n","protected":false},"excerpt":{"rendered":"<p>\u2022 \u00daKLID BYT\u016e \u2022 \u00daKLID DOM\u016e \u2022 \u00daKLID VE FIRM\u00c1CH \u2022 \u00daKLID GAR\u00c1\u017d\u00cd \u2022 \u00daKLID SKLEP\u016e \u2022 \u00daKLID CHAT \u2022 \u00daKLID ZAHRAD \u2022 \u00daKLID P\u016eD \u2022 VYKL\u00cdZEN\u00cd \u2022 ST\u011aHOV\u00c1N\u00cd \u00daKLID BYT\u016e\u00a0 DOM\u016e KANCEL\u00c1\u0158\u00cd A FIREMN\u00cdCH PROSTOR: \u2022 Vys\u00e1v\u00e1n\u00ed koberc\u016f suchou&#8230; <a class=\"more-link\" href=\"https:\/\/www.uklidoveprace-susice.cz\/\">Pokra\u010dovat ve \u010dten\u00ed &rarr;<\/a><\/p>\n","protected":false},"author":1,"featured_media":0,"parent":0,"menu_order":0,"comment_status":"closed","ping_status":"closed","template":"template-nosidebar.php","meta":{"footnotes":""},"class_list":["post-9","page","type-page","status-publish","hentry"],"yoast_head":"<!-- This site is optimized with the Yoast SEO plugin v27.1.1 - https:\/\/yoast.com\/product\/yoast-seo-wordpress\/ -->\n<title>\u00daKLID BYT\u016e \u00daKLID DOM\u016e \u00daKLID FIREM SU\u0160ICE KLATOVY<\/title>\n<meta name=\"description\" content=\"Zaji\u0161tujeme \u00faklid v bytech, domech ve firm\u00e1ch v Su\u0161ici a okol\u00ed, \u00faklid dom\u00e1cnosti, kancel\u00e1\u0159\u00ed, chat a zahrad, \u00faklid po stavebn\u00edch prac\u00edch\" \/>\n<meta name=\"robots\" content=\"index, follow, max-snippet:-1, max-image-preview:large, max-video-preview:-1\" \/>\n<link rel=\"canonical\" href=\"https:\/\/www.uklidoveprace-susice.cz\/\" \/>\n<meta property=\"og:locale\" content=\"cs_CZ\" \/>\n<meta property=\"og:type\" content=\"article\" \/>\n<meta property=\"og:title\" content=\"\u00daKLID BYT\u016e \u00daKLID DOM\u016e \u00daKLID FIREM SU\u0160ICE KLATOVY\" \/>\n<meta property=\"og:description\" content=\"Zaji\u0161tujeme \u00faklid v bytech, domech ve firm\u00e1ch v Su\u0161ici a okol\u00ed, \u00faklid dom\u00e1cnosti, kancel\u00e1\u0159\u00ed, chat a zahrad, \u00faklid po stavebn\u00edch prac\u00edch\" \/>\n<meta property=\"og:url\" content=\"https:\/\/www.uklidoveprace-susice.cz\/\" \/>\n<meta property=\"og:site_name\" content=\"\u00daKLIDOV\u00c9 SLU\u017dBY SU\u0160ICE Tel: 725752752\" \/>\n<meta property=\"article:modified_time\" content=\"2023-03-31T17:17:42+00:00\" \/>\n<meta property=\"og:image\" content=\"http:\/\/www.uklidoveprace-susice.cz\/wp-content\/uploads\/2023\/02\/IMG_2782-1-246x300.jpg\" \/>\n<meta name=\"twitter:card\" content=\"summary_large_image\" \/>\n<meta name=\"twitter:label1\" content=\"Odhadovan\u00e1 doba \u010dten\u00ed\" \/>\n\t<meta name=\"twitter:data1\" content=\"4 minuty\" \/>\n<script type=\"application\/ld+json\" class=\"yoast-schema-graph\">{\"@context\":\"https:\/\/schema.org\",\"@graph\":[{\"@type\":\"WebPage\",\"@id\":\"https:\/\/www.uklidoveprace-susice.cz\/\",\"url\":\"https:\/\/www.uklidoveprace-susice.cz\/\",\"name\":\"\u00daKLID BYT\u016e \u00daKLID DOM\u016e \u00daKLID FIREM SU\u0160ICE KLATOVY\",\"isPartOf\":{\"@id\":\"https:\/\/www.uklidoveprace-susice.cz\/#website\"},\"primaryImageOfPage\":{\"@id\":\"https:\/\/www.uklidoveprace-susice.cz\/#primaryimage\"},\"image\":{\"@id\":\"https:\/\/www.uklidoveprace-susice.cz\/#primaryimage\"},\"thumbnailUrl\":\"http:\/\/www.uklidoveprace-susice.cz\/wp-content\/uploads\/2023\/02\/IMG_2782-1-246x300.jpg\",\"datePublished\":\"2023-02-25T15:12:23+00:00\",\"dateModified\":\"2023-03-31T17:17:42+00:00\",\"description\":\"Zaji\u0161tujeme \u00faklid v bytech, domech ve firm\u00e1ch v Su\u0161ici a okol\u00ed, \u00faklid dom\u00e1cnosti, kancel\u00e1\u0159\u00ed, chat a zahrad, \u00faklid po stavebn\u00edch prac\u00edch\",\"breadcrumb\":{\"@id\":\"https:\/\/www.uklidoveprace-susice.cz\/#breadcrumb\"},\"inLanguage\":\"cs\",\"potentialAction\":[{\"@type\":\"ReadAction\",\"target\":[\"https:\/\/www.uklidoveprace-susice.cz\/\"]}]},{\"@type\":\"ImageObject\",\"inLanguage\":\"cs\",\"@id\":\"https:\/\/www.uklidoveprace-susice.cz\/#primaryimage\",\"url\":\"http:\/\/www.uklidoveprace-susice.cz\/wp-content\/uploads\/2023\/02\/IMG_2782-1-246x300.jpg\",\"contentUrl\":\"http:\/\/www.uklidoveprace-susice.cz\/wp-content\/uploads\/2023\/02\/IMG_2782-1-246x300.jpg\"},{\"@type\":\"BreadcrumbList\",\"@id\":\"https:\/\/www.uklidoveprace-susice.cz\/#breadcrumb\",\"itemListElement\":[{\"@type\":\"ListItem\",\"position\":1,\"name\":\"Dom\u016f\",\"item\":\"https:\/\/www.uklidoveprace-susice.cz\/\"},{\"@type\":\"ListItem\",\"position\":2,\"name\":\"\u2014 Uklidov\u00e9 slu\u017eby v Su\u0161ici a okol\u00ed \u2014\"}]},{\"@type\":\"WebSite\",\"@id\":\"https:\/\/www.uklidoveprace-susice.cz\/#website\",\"url\":\"https:\/\/www.uklidoveprace-susice.cz\/\",\"name\":\"\u00daKLIDOV\u00c9 SLU\u017dBY SU\u0160ICE Tel: 725752752\",\"description\":\"ZDARMA P\u0158IJEDEME A DOHODNEME SE NA CEN\u011a\",\"potentialAction\":[{\"@type\":\"SearchAction\",\"target\":{\"@type\":\"EntryPoint\",\"urlTemplate\":\"https:\/\/www.uklidoveprace-susice.cz\/?s={search_term_string}\"},\"query-input\":{\"@type\":\"PropertyValueSpecification\",\"valueRequired\":true,\"valueName\":\"search_term_string\"}}],\"inLanguage\":\"cs\"}]}<\/script>\n<!-- \/ Yoast SEO plugin. -->","yoast_head_json":{"title":"\u00daKLID BYT\u016e \u00daKLID DOM\u016e \u00daKLID FIREM SU\u0160ICE KLATOVY","description":"Zaji\u0161tujeme \u00faklid v bytech, domech ve firm\u00e1ch v Su\u0161ici a okol\u00ed, \u00faklid dom\u00e1cnosti, kancel\u00e1\u0159\u00ed, chat a zahrad, \u00faklid po stavebn\u00edch prac\u00edch","robots":{"index":"index","follow":"follow","max-snippet":"max-snippet:-1","max-image-preview":"max-image-preview:large","max-video-preview":"max-video-preview:-1"},"canonical":"https:\/\/www.uklidoveprace-susice.cz\/","og_locale":"cs_CZ","og_type":"article","og_title":"\u00daKLID BYT\u016e \u00daKLID DOM\u016e \u00daKLID FIREM SU\u0160ICE KLATOVY","og_description":"Zaji\u0161tujeme \u00faklid v bytech, domech ve firm\u00e1ch v Su\u0161ici a okol\u00ed, \u00faklid dom\u00e1cnosti, kancel\u00e1\u0159\u00ed, chat a zahrad, \u00faklid po stavebn\u00edch prac\u00edch","og_url":"https:\/\/www.uklidoveprace-susice.cz\/","og_site_name":"\u00daKLIDOV\u00c9 SLU\u017dBY SU\u0160ICE Tel: 725752752","article_modified_time":"2023-03-31T17:17:42+00:00","og_image":[{"url":"http:\/\/www.uklidoveprace-susice.cz\/wp-content\/uploads\/2023\/02\/IMG_2782-1-246x300.jpg","type":"","width":"","height":""}],"twitter_card":"summary_large_image","twitter_misc":{"Odhadovan\u00e1 doba \u010dten\u00ed":"4 minuty"},"schema":{"@context":"https:\/\/schema.org","@graph":[{"@type":"WebPage","@id":"https:\/\/www.uklidoveprace-susice.cz\/","url":"https:\/\/www.uklidoveprace-susice.cz\/","name":"\u00daKLID BYT\u016e \u00daKLID DOM\u016e \u00daKLID FIREM SU\u0160ICE KLATOVY","isPartOf":{"@id":"https:\/\/www.uklidoveprace-susice.cz\/#website"},"primaryImageOfPage":{"@id":"https:\/\/www.uklidoveprace-susice.cz\/#primaryimage"},"image":{"@id":"https:\/\/www.uklidoveprace-susice.cz\/#primaryimage"},"thumbnailUrl":"http:\/\/www.uklidoveprace-susice.cz\/wp-content\/uploads\/2023\/02\/IMG_2782-1-246x300.jpg","datePublished":"2023-02-25T15:12:23+00:00","dateModified":"2023-03-31T17:17:42+00:00","description":"Zaji\u0161tujeme \u00faklid v bytech, domech ve firm\u00e1ch v Su\u0161ici a okol\u00ed, \u00faklid dom\u00e1cnosti, kancel\u00e1\u0159\u00ed, chat a zahrad, \u00faklid po stavebn\u00edch prac\u00edch","breadcrumb":{"@id":"https:\/\/www.uklidoveprace-susice.cz\/#breadcrumb"},"inLanguage":"cs","potentialAction":[{"@type":"ReadAction","target":["https:\/\/www.uklidoveprace-susice.cz\/"]}]},{"@type":"ImageObject","inLanguage":"cs","@id":"https:\/\/www.uklidoveprace-susice.cz\/#primaryimage","url":"http:\/\/www.uklidoveprace-susice.cz\/wp-content\/uploads\/2023\/02\/IMG_2782-1-246x300.jpg","contentUrl":"http:\/\/www.uklidoveprace-susice.cz\/wp-content\/uploads\/2023\/02\/IMG_2782-1-246x300.jpg"},{"@type":"BreadcrumbList","@id":"https:\/\/www.uklidoveprace-susice.cz\/#breadcrumb","itemListElement":[{"@type":"ListItem","position":1,"name":"Dom\u016f","item":"https:\/\/www.uklidoveprace-susice.cz\/"},{"@type":"ListItem","position":2,"name":"\u2014 Uklidov\u00e9 slu\u017eby v Su\u0161ici a okol\u00ed \u2014"}]},{"@type":"WebSite","@id":"https:\/\/www.uklidoveprace-susice.cz\/#website","url":"https:\/\/www.uklidoveprace-susice.cz\/","name":"\u00daKLIDOV\u00c9 SLU\u017dBY SU\u0160ICE Tel: 725752752","description":"ZDARMA P\u0158IJEDEME A DOHODNEME SE NA CEN\u011a","potentialAction":[{"@type":"SearchAction","target":{"@type":"EntryPoint","urlTemplate":"https:\/\/www.uklidoveprace-susice.cz\/?s={search_term_string}"},"query-input":{"@type":"PropertyValueSpecification","valueRequired":true,"valueName":"search_term_string"}}],"inLanguage":"cs"}]}},"_links":{"self":[{"href":"https:\/\/www.uklidoveprace-susice.cz\/index.php?rest_route=\/wp\/v2\/pages\/9","targetHints":{"allow":["GET"]}}],"collection":[{"href":"https:\/\/www.uklidoveprace-susice.cz\/index.php?rest_route=\/wp\/v2\/pages"}],"about":[{"href":"https:\/\/www.uklidoveprace-susice.cz\/index.php?rest_route=\/wp\/v2\/types\/page"}],"author":[{"embeddable":true,"href":"https:\/\/www.uklidoveprace-susice.cz\/index.php?rest_route=\/wp\/v2\/users\/1"}],"replies":[{"embeddable":true,"href":"https:\/\/www.uklidoveprace-susice.cz\/index.php?rest_route=%2Fwp%2Fv2%2Fcomments&post=9"}],"version-history":[{"count":82,"href":"https:\/\/www.uklidoveprace-susice.cz\/index.php?rest_route=\/wp\/v2\/pages\/9\/revisions"}],"predecessor-version":[{"id":208,"href":"https:\/\/www.uklidoveprace-susice.cz\/index.php?rest_route=\/wp\/v2\/pages\/9\/revisions\/208"}],"wp:attachment":[{"href":"https:\/\/www.uklidoveprace-susice.cz\/index.php?rest_route=%2Fwp%2Fv2%2Fmedia&parent=9"}],"curies":[{"name":"wp","href":"https:\/\/api.w.org\/{rel}","templated":true}]}}